{"id":12971,"date":"2022-06-02T12:51:00","date_gmt":"2022-06-02T10:51:00","guid":{"rendered":"https:\/\/ifvcns.rs\/?page_id=12971"},"modified":"2024-11-06T13:02:51","modified_gmt":"2024-11-06T11:02:51","slug":"news","status":"publish","type":"page","link":"https:\/\/ifvcns.rs\/climate-crops\/en\/center-of-excellence-for-innovations-in-breeding-crops-tolerant-to-climate-change-climate-crops\/news\/","title":{"rendered":"News"},"content":{"rendered":"<p><div class=\"fusion-fullwidth fullwidth-box fusion-builder-row-1 fusion-flex-container hundred-percent-fullwidth non-hundred-percent-height-scrolling\" style=\"--awb-border-radius-top-left:0px;--awb-border-radius-top-right:0px;--awb-border-radius-bottom-right:0px;--awb-border-radius-bottom-left:0px;--awb-flex-wrap:wrap;\" ><div class=\"fusion-builder-row fusion-row fusion-flex-align-items-flex-start fusion-flex-content-wrap\" style=\"width:104% !important;max-width:104% !important;margin-left: calc(-4% \/ 2 );margin-right: calc(-4% \/ 2 );\"><div class=\"fusion-layout-column fusion_builder_column fusion-builder-column-0 fusion_builder_column_1_1 1_1 fusion-flex-column\" style=\"--awb-bg-size:cover;--awb-width-large:100%;--awb-margin-top-large:0px;--awb-spacing-right-large:1.92%;--awb-margin-bottom-large:20px;--awb-spacing-left-large:1.92%;--awb-width-medium:100%;--awb-order-medium:0;--awb-spacing-right-medium:1.92%;--awb-spacing-left-medium:1.92%;--awb-width-small:100%;--awb-order-small:0;--awb-spacing-right-small:1.92%;--awb-spacing-left-small:1.92%;\"><div class=\"fusion-column-wrapper fusion-column-has-shadow fusion-flex-justify-content-flex-start fusion-content-layout-column\"><div class=\"fusion-title title fusion-title-1 fusion-sep-none fusion-title-center fusion-title-text fusion-title-size-one\" style=\"--awb-text-color:var(--awb-custom12);\"><h1 class=\"fusion-title-heading title-heading-center\" style=\"margin:0;\"><h1 class=\"fusion-responsive-typography-calculated\" style=\"text-align: center;\" data-fontsize=\"34\" data-lineheight=\"47.94px\"><strong>Centre of Excellence for Innovations in Breeding of<\/strong><br \/><strong>Climate-Resilient Crops<\/strong><\/h1><\/h1><\/div><div class=\"fusion-image-carousel fusion-image-carousel-auto fusion-image-carousel-1 fusion-carousel-border\"><div class=\"awb-carousel awb-swiper awb-swiper-carousel\" data-autoplay=\"no\" data-columns=\"1\" data-itemmargin=\"13\" data-itemwidth=\"180\" data-touchscroll=\"no\" data-imagesize=\"auto\" style=\"--awb-columns:1;--awb-caption-title-color:#262626;--awb-caption-overlay-color:rgba(139,158,181,0.14);\"><div class=\"swiper-wrapper awb-image-carousel-wrapper fusion-flex-align-items-center\"><div class=\"swiper-slide\"><div class=\"fusion-carousel-item-wrapper\"><div class=\"fusion-image-wrapper hover-type-none\"><img decoding=\"async\" width=\"1920\" height=\"600\" src=\"https:\/\/ifvcns.rs\/climate-crops\/wp-content\/uploads\/2022\/06\/climate-cover.jpg\" class=\"attachment-full size-full lazyload\" alt=\"\" srcset=\"data:image\/svg+xml,%3Csvg%20xmlns%3D%27http%3A%2F%2Fwww.w3.org%2F2000%2Fsvg%27%20width%3D%271920%27%20height%3D%27600%27%20viewBox%3D%270%200%201920%20600%27%3E%3Crect%20width%3D%271920%27%20height%3D%27600%27%20fill-opacity%3D%220%22%2F%3E%3C%2Fsvg%3E\" data-orig-src=\"https:\/\/ifvcns.rs\/climate-crops\/wp-content\/uploads\/2022\/06\/climate-cover.jpg\" data-srcset=\"https:\/\/ifvcns.rs\/climate-crops\/wp-content\/uploads\/2022\/06\/climate-cover-200x63.jpg 200w, https:\/\/ifvcns.rs\/climate-crops\/wp-content\/uploads\/2022\/06\/climate-cover-300x94.jpg 300w, https:\/\/ifvcns.rs\/climate-crops\/wp-content\/uploads\/2022\/06\/climate-cover-400x125.jpg 400w, https:\/\/ifvcns.rs\/climate-crops\/wp-content\/uploads\/2022\/06\/climate-cover-600x188.jpg 600w, https:\/\/ifvcns.rs\/climate-crops\/wp-content\/uploads\/2022\/06\/climate-cover-768x240.jpg 768w, https:\/\/ifvcns.rs\/climate-crops\/wp-content\/uploads\/2022\/06\/climate-cover-800x250.jpg 800w, https:\/\/ifvcns.rs\/climate-crops\/wp-content\/uploads\/2022\/06\/climate-cover-1024x320.jpg 1024w, https:\/\/ifvcns.rs\/climate-crops\/wp-content\/uploads\/2022\/06\/climate-cover-1200x375.jpg 1200w, https:\/\/ifvcns.rs\/climate-crops\/wp-content\/uploads\/2022\/06\/climate-cover-1536x480.jpg 1536w, https:\/\/ifvcns.rs\/climate-crops\/wp-content\/uploads\/2022\/06\/climate-cover.jpg 1920w\" data-sizes=\"auto\" \/><\/div><\/div><\/div><\/div><div class=\"awb-swiper-button awb-swiper-button-prev\"><i class=\"awb-icon-angle-left\" aria-hidden=\"true\"><\/i><\/div><div class=\"awb-swiper-button awb-swiper-button-next\"><i class=\"awb-icon-angle-right\" aria-hidden=\"true\"><\/i><\/div><\/div><\/div><\/div><\/div><\/div><\/div><div class=\"fusion-fullwidth fullwidth-box fusion-builder-row-2 fusion-flex-container nonhundred-percent-fullwidth non-hundred-percent-height-scrolling\" style=\"--awb-border-radius-top-left:0px;--awb-border-radius-top-right:0px;--awb-border-radius-bottom-right:0px;--awb-border-radius-bottom-left:0px;--awb-flex-wrap:wrap;\" ><div class=\"fusion-builder-row fusion-row fusion-flex-align-items-flex-start fusion-flex-content-wrap\" style=\"max-width:1352px;margin-left: calc(-4% \/ 2 );margin-right: calc(-4% \/ 2 );\"><div class=\"fusion-layout-column fusion_builder_column fusion-builder-column-1 fusion_builder_column_1_1 1_1 fusion-flex-column\" style=\"--awb-bg-size:cover;--awb-width-large:100%;--awb-margin-top-large:0px;--awb-spacing-right-large:1.92%;--awb-margin-bottom-large:20px;--awb-spacing-left-large:1.92%;--awb-width-medium:100%;--awb-order-medium:0;--awb-spacing-right-medium:1.92%;--awb-spacing-left-medium:1.92%;--awb-width-small:100%;--awb-order-small:0;--awb-spacing-right-small:1.92%;--awb-spacing-left-small:1.92%;\"><div class=\"fusion-column-wrapper fusion-column-has-shadow fusion-flex-justify-content-flex-start fusion-content-layout-column\"><div class=\"fusion-title title fusion-title-2 fusion-title-center fusion-title-text fusion-title-size-one\" style=\"--awb-text-color:var(--awb-color7);--awb-sep-color:var(--awb-custom13);\"><div class=\"title-sep-container title-sep-container-left\"><div class=\"title-sep sep-double sep-dotted\" style=\"border-color:var(--awb-custom13);\"><\/div><\/div><span class=\"awb-title-spacer\"><\/span><h1 class=\"fusion-title-heading title-heading-center\" style=\"margin:0;\"><p style=\"text-align: center;\">LinkedIn Feed<\/p><\/h1><span class=\"awb-title-spacer\"><\/span><div class=\"title-sep-container title-sep-container-right\"><div class=\"title-sep sep-double sep-dotted\" style=\"border-color:var(--awb-custom13);\"><\/div><\/div><\/div><script src=\"https:\/\/static.elfsight.com\/platform\/platform.js\" data-use-service-core defer><\/script>\n<div class=\"elfsight-app-07bb3d7f-fe7a-4c73-84af-5f7c8ac0ea52\" data-elfsight-app-lazy><\/div><\/div><\/div><\/div><\/div><div class=\"fusion-fullwidth fullwidth-box fusion-builder-row-3 fusion-flex-container nonhundred-percent-fullwidth non-hundred-percent-height-scrolling\" style=\"--awb-border-radius-top-left:0px;--awb-border-radius-top-right:0px;--awb-border-radius-bottom-right:0px;--awb-border-radius-bottom-left:0px;--awb-flex-wrap:wrap;\" ><div class=\"fusion-builder-row fusion-row fusion-flex-align-items-flex-start fusion-flex-content-wrap\" style=\"max-width:1352px;margin-left: calc(-4% \/ 2 );margin-right: calc(-4% \/ 2 );\"><div class=\"fusion-layout-column fusion_builder_column fusion-builder-column-2 fusion_builder_column_1_1 1_1 fusion-flex-column\" style=\"--awb-bg-size:cover;--awb-width-large:100%;--awb-margin-top-large:0px;--awb-spacing-right-large:1.92%;--awb-margin-bottom-large:20px;--awb-spacing-left-large:1.92%;--awb-width-medium:100%;--awb-order-medium:0;--awb-spacing-right-medium:1.92%;--awb-spacing-left-medium:1.92%;--awb-width-small:100%;--awb-order-small:0;--awb-spacing-right-small:1.92%;--awb-spacing-left-small:1.92%;\"><div class=\"fusion-column-wrapper fusion-column-has-shadow fusion-flex-justify-content-flex-start fusion-content-layout-column\"><div class=\"fusion-title title fusion-title-3 fusion-title-center fusion-title-text fusion-title-size-one\" style=\"--awb-text-color:var(--awb-color7);--awb-sep-color:var(--awb-custom13);--awb-font-size:30px;\"><div class=\"title-sep-container title-sep-container-left\"><div class=\"title-sep sep-double sep-dotted\" style=\"border-color:var(--awb-custom13);\"><\/div><\/div><span class=\"awb-title-spacer\"><\/span><h1 class=\"fusion-title-heading title-heading-center\" style=\"margin:0;font-size:1em;\"><p style=\"text-align: center;\"><strong>NEWS<\/strong><\/p><\/h1><span class=\"awb-title-spacer\"><\/span><div class=\"title-sep-container title-sep-container-right\"><div class=\"title-sep sep-double sep-dotted\" style=\"border-color:var(--awb-custom13);\"><\/div><\/div><\/div><\/div><\/div><\/div><\/div><div class=\"fusion-fullwidth fullwidth-box fusion-builder-row-4 fusion-flex-container has-pattern-background nonhundred-percent-fullwidth non-hundred-percent-height-scrolling\" style=\"--awb-border-radius-top-left:0px;--awb-border-radius-top-right:0px;--awb-border-radius-bottom-right:0px;--awb-border-radius-bottom-left:0px;--awb-padding-bottom:72px;--awb-margin-bottom:0px;--awb-flex-wrap:wrap;\" ><div class=\"awb-background-pattern\" style=\"background-image:  url(https:\/\/ifvcns.rs\/climate-crops\/wp-content\/uploads\/2022\/06\/Climate-crops-logo-1-150x120.jpg);opacity: 0.05 ;\"><\/div><div class=\"fusion-builder-row fusion-row fusion-flex-align-items-center fusion-flex-justify-content-center fusion-flex-content-wrap\" style=\"max-width:1352px;margin-left: calc(-4% \/ 2 );margin-right: calc(-4% \/ 2 );\"><div class=\"fusion-layout-column fusion_builder_column fusion-builder-column-3 fusion_builder_column_1_1 1_1 fusion-flex-column fusion-flex-align-self-stretch\" style=\"--awb-bg-size:cover;--awb-width-large:100%;--awb-margin-top-large:0px;--awb-spacing-right-large:1.92%;--awb-margin-bottom-large:20px;--awb-spacing-left-large:1.92%;--awb-width-medium:100%;--awb-order-medium:0;--awb-spacing-right-medium:1.92%;--awb-spacing-left-medium:1.92%;--awb-width-small:100%;--awb-order-small:0;--awb-spacing-right-small:1.92%;--awb-spacing-left-small:1.92%;\"><div class=\"fusion-column-wrapper fusion-column-has-shadow fusion-flex-justify-content-space-around fusion-content-layout-column\"><div class=\"fusion-recent-posts fusion-recent-posts-1 avada-container layout-default layout-columns-3\" style=\"--h3_typography-font-size:16px;--h3_typography-letter-spacing:var(--awb-typography1-letter-spacing);--h3_typography-line-height:var(--awb-typography1-line-height);\"><section class=\"fusion-columns columns fusion-columns-3 columns-3\"><article class=\"post fusion-column column col col-lg-4 col-md-4 col-sm-4\"><div class=\"fusion-flexslider fusion-flexslider-loading flexslider flexslider-hover-type-none\"><ul class=\"slides\"><li><a href=\"https:\/\/ifvcns.rs\/climate-crops\/en\/climatecrops-en-en\/activities-within-projects-on-the-plant-genome-editing-topic\/\" aria-label=\"Activities within projects on the plant genome editing topic\" class=\"hover-type-none\"><img decoding=\"async\" width=\"700\" height=\"441\" src=\"https:\/\/ifvcns.rs\/climate-crops\/wp-content\/uploads\/2024\/11\/viber_image_2024-11-01_09-46-42-571-700x441.jpg\" class=\"attachment-recent-posts size-recent-posts lazyload\" alt=\"\" srcset=\"data:image\/svg+xml,%3Csvg%20xmlns%3D%27http%3A%2F%2Fwww.w3.org%2F2000%2Fsvg%27%20width%3D%271600%27%20height%3D%271200%27%20viewBox%3D%270%200%201600%201200%27%3E%3Crect%20width%3D%271600%27%20height%3D%271200%27%20fill-opacity%3D%220%22%2F%3E%3C%2Fsvg%3E\" data-orig-src=\"https:\/\/ifvcns.rs\/climate-crops\/wp-content\/uploads\/2024\/11\/viber_image_2024-11-01_09-46-42-571-700x441.jpg\" data-srcset=\"https:\/\/ifvcns.rs\/climate-crops\/wp-content\/uploads\/2024\/11\/viber_image_2024-11-01_09-46-42-571-320x202.jpg 320w, https:\/\/ifvcns.rs\/climate-crops\/wp-content\/uploads\/2024\/11\/viber_image_2024-11-01_09-46-42-571-700x441.jpg 700w\" data-sizes=\"auto\" \/><\/a><\/li><\/ul><\/div><div class=\"recent-posts-content\"><h3 class=\"entry-title\"><a href=\"https:\/\/ifvcns.rs\/climate-crops\/en\/climatecrops-en-en\/activities-within-projects-on-the-plant-genome-editing-topic\/\">Activities within projects on the plant genome editing topic<\/a><\/h3><p> Prof. Dr. Dragana Miladinovi\u0107 and Dr. Aleksandra Radanovi\u0107 attended the Fifth Congress \"AAB PlantEd: Agricultural Biotechnologies in the [...]<\/p><\/div><\/article><article class=\"post fusion-column column col col-lg-4 col-md-4 col-sm-4\"><div class=\"fusion-flexslider fusion-flexslider-loading flexslider flexslider-hover-type-none\"><ul class=\"slides\"><li><a href=\"https:\/\/ifvcns.rs\/climate-crops\/en\/climatecrops-en-en\/members-of-the-center-visiting-austria\/\" aria-label=\"Members of the Centre visiting Austria\" class=\"hover-type-none\"><img decoding=\"async\" width=\"700\" height=\"441\" src=\"https:\/\/ifvcns.rs\/climate-crops\/wp-content\/uploads\/2024\/10\/viber_image_2024-10-17_08-58-05-484-1-700x441.jpg\" class=\"attachment-recent-posts size-recent-posts lazyload\" alt=\"\" srcset=\"data:image\/svg+xml,%3Csvg%20xmlns%3D%27http%3A%2F%2Fwww.w3.org%2F2000%2Fsvg%27%20width%3D%271200%27%20height%3D%271600%27%20viewBox%3D%270%200%201200%201600%27%3E%3Crect%20width%3D%271200%27%20height%3D%271600%27%20fill-opacity%3D%220%22%2F%3E%3C%2Fsvg%3E\" data-orig-src=\"https:\/\/ifvcns.rs\/climate-crops\/wp-content\/uploads\/2024\/10\/viber_image_2024-10-17_08-58-05-484-1-700x441.jpg\" data-srcset=\"https:\/\/ifvcns.rs\/climate-crops\/wp-content\/uploads\/2024\/10\/viber_image_2024-10-17_08-58-05-484-1-320x202.jpg 320w, https:\/\/ifvcns.rs\/climate-crops\/wp-content\/uploads\/2024\/10\/viber_image_2024-10-17_08-58-05-484-1-700x441.jpg 700w\" data-sizes=\"auto\" \/><\/a><\/li><\/ul><\/div><div class=\"recent-posts-content\"><h3 class=\"entry-title\"><a href=\"https:\/\/ifvcns.rs\/climate-crops\/en\/climatecrops-en-en\/members-of-the-center-visiting-austria\/\">Members of the Centre visiting Austria<\/a><\/h3><p> Members of the Centre, prof. Dr. Dragana Miladinovi\u0107, Dr. Ankica Kondi\u0107 \u0160pika, Dr. Sonja Gvozdenac, participated in the [...]<\/p><\/div><\/article><article class=\"post fusion-column column col col-lg-4 col-md-4 col-sm-4\"><div class=\"fusion-flexslider fusion-flexslider-loading flexslider flexslider-hover-type-none\"><ul class=\"slides\"><li><a href=\"https:\/\/ifvcns.rs\/climate-crops\/en\/climatecrops-en-en\/climate-crops-centre-celebrates-new-phd-graduates\/\" aria-label=\"Climate Crops Centre celebrates new PhD graduates\" class=\"hover-type-none\"><img decoding=\"async\" width=\"700\" height=\"441\" src=\"https:\/\/ifvcns.rs\/climate-crops\/wp-content\/uploads\/2024\/11\/Untitled-design-2-700x441.png\" class=\"attachment-recent-posts size-recent-posts lazyload\" alt=\"\" srcset=\"data:image\/svg+xml,%3Csvg%20xmlns%3D%27http%3A%2F%2Fwww.w3.org%2F2000%2Fsvg%27%20width%3D%27855%27%20height%3D%27514%27%20viewBox%3D%270%200%20855%20514%27%3E%3Crect%20width%3D%27855%27%20height%3D%27514%27%20fill-opacity%3D%220%22%2F%3E%3C%2Fsvg%3E\" data-orig-src=\"https:\/\/ifvcns.rs\/climate-crops\/wp-content\/uploads\/2024\/11\/Untitled-design-2-700x441.png\" data-srcset=\"https:\/\/ifvcns.rs\/climate-crops\/wp-content\/uploads\/2024\/11\/Untitled-design-2-320x202.png 320w, https:\/\/ifvcns.rs\/climate-crops\/wp-content\/uploads\/2024\/11\/Untitled-design-2-700x441.png 700w\" data-sizes=\"auto\" \/><\/a><\/li><\/ul><\/div><div class=\"recent-posts-content\"><h3 class=\"entry-title\"><a href=\"https:\/\/ifvcns.rs\/climate-crops\/en\/climatecrops-en-en\/climate-crops-centre-celebrates-new-phd-graduates\/\">Climate Crops Centre celebrates new PhD graduates<\/a><\/h3><p>Climate Crops Centre members, MSc Nemanja \u0106uk and MSc Du\u0161an Dun\u0111erski, defended their PhD theses at the University of [...]<\/p><\/div><\/article><article class=\"post fusion-column column col col-lg-4 col-md-4 col-sm-4\"><div class=\"fusion-flexslider fusion-flexslider-loading flexslider flexslider-hover-type-none\"><ul class=\"slides\"><li><a href=\"https:\/\/ifvcns.rs\/climate-crops\/en\/climatecrops-en-en\/cropinno-project-workshop-in-novi-sad\/\" aria-label=\"Cropinno project workshop in Novi Sad\" class=\"hover-type-none\"><img decoding=\"async\" width=\"700\" height=\"441\" src=\"https:\/\/ifvcns.rs\/climate-crops\/wp-content\/uploads\/2024\/10\/IMG_8084-1-700x441.jpg\" class=\"attachment-recent-posts size-recent-posts lazyload\" alt=\"\" srcset=\"data:image\/svg+xml,%3Csvg%20xmlns%3D%27http%3A%2F%2Fwww.w3.org%2F2000%2Fsvg%27%20width%3D%27960%27%20height%3D%271280%27%20viewBox%3D%270%200%20960%201280%27%3E%3Crect%20width%3D%27960%27%20height%3D%271280%27%20fill-opacity%3D%220%22%2F%3E%3C%2Fsvg%3E\" data-orig-src=\"https:\/\/ifvcns.rs\/climate-crops\/wp-content\/uploads\/2024\/10\/IMG_8084-1-700x441.jpg\" data-srcset=\"https:\/\/ifvcns.rs\/climate-crops\/wp-content\/uploads\/2024\/10\/IMG_8084-1-320x202.jpg 320w, https:\/\/ifvcns.rs\/climate-crops\/wp-content\/uploads\/2024\/10\/IMG_8084-1-700x441.jpg 700w\" data-sizes=\"auto\" \/><\/a><\/li><\/ul><\/div><div class=\"recent-posts-content\"><h3 class=\"entry-title\"><a href=\"https:\/\/ifvcns.rs\/climate-crops\/en\/climatecrops-en-en\/cropinno-project-workshop-in-novi-sad\/\">Cropinno project workshop in Novi Sad<\/a><\/h3><p> Workshop 'Omics in Improvement for Drought Tolerance' was organised and hosted by the members of Climate Crops Centre [...]<\/p><\/div><\/article><article class=\"post fusion-column column col col-lg-4 col-md-4 col-sm-4\"><div class=\"fusion-flexslider fusion-flexslider-loading flexslider flexslider-hover-type-none\"><ul class=\"slides\"><li><a href=\"https:\/\/ifvcns.rs\/climate-crops\/en\/climatecrops-en-en\/participation-in-21st-international-sunflower-conference\/\" aria-label=\"Participation in the 21st International sunflower conference\" class=\"hover-type-none\"><img decoding=\"async\" width=\"700\" height=\"441\" src=\"https:\/\/ifvcns.rs\/climate-crops\/wp-content\/uploads\/2024\/08\/viber_image_2024-08-28_17-58-11-638-700x441.jpg\" class=\"attachment-recent-posts size-recent-posts lazyload\" alt=\"\" srcset=\"data:image\/svg+xml,%3Csvg%20xmlns%3D%27http%3A%2F%2Fwww.w3.org%2F2000%2Fsvg%27%20width%3D%271600%27%20height%3D%271200%27%20viewBox%3D%270%200%201600%201200%27%3E%3Crect%20width%3D%271600%27%20height%3D%271200%27%20fill-opacity%3D%220%22%2F%3E%3C%2Fsvg%3E\" data-orig-src=\"https:\/\/ifvcns.rs\/climate-crops\/wp-content\/uploads\/2024\/08\/viber_image_2024-08-28_17-58-11-638-700x441.jpg\" data-srcset=\"https:\/\/ifvcns.rs\/climate-crops\/wp-content\/uploads\/2024\/08\/viber_image_2024-08-28_17-58-11-638-320x202.jpg 320w, https:\/\/ifvcns.rs\/climate-crops\/wp-content\/uploads\/2024\/08\/viber_image_2024-08-28_17-58-11-638-700x441.jpg 700w\" data-sizes=\"auto\" \/><\/a><\/li><\/ul><\/div><div class=\"recent-posts-content\"><h3 class=\"entry-title\"><a href=\"https:\/\/ifvcns.rs\/climate-crops\/en\/climatecrops-en-en\/participation-in-21st-international-sunflower-conference\/\">Participation in the 21st International sunflower conference<\/a><\/h3><p> Members of the Climate Crops Centre, Dr. Sandra Cveji\u0107, Dr. Aleksandra Radanovi\u0107, and Dr. Bo\u0161ko Dedi\u0107, together with [...]<\/p><\/div><\/article><article class=\"post fusion-column column col col-lg-4 col-md-4 col-sm-4\"><div class=\"fusion-flexslider fusion-flexslider-loading flexslider flexslider-hover-type-none\"><ul class=\"slides\"><li><a href=\"https:\/\/ifvcns.rs\/climate-crops\/en\/climatecrops-en-en\/participation-in-usda-fas-cochran-fellowship-program\/\" aria-label=\"Participation in USDA-FAS Cochran Fellowship Program\" class=\"hover-type-none\"><img decoding=\"async\" width=\"700\" height=\"441\" src=\"https:\/\/ifvcns.rs\/climate-crops\/wp-content\/uploads\/2024\/11\/Cochran-fellows-1-700x441.webp\" class=\"attachment-recent-posts size-recent-posts lazyload\" alt=\"\" srcset=\"data:image\/svg+xml,%3Csvg%20xmlns%3D%27http%3A%2F%2Fwww.w3.org%2F2000%2Fsvg%27%20width%3D%271200%27%20height%3D%271200%27%20viewBox%3D%270%200%201200%201200%27%3E%3Crect%20width%3D%271200%27%20height%3D%271200%27%20fill-opacity%3D%220%22%2F%3E%3C%2Fsvg%3E\" data-orig-src=\"https:\/\/ifvcns.rs\/climate-crops\/wp-content\/uploads\/2024\/11\/Cochran-fellows-1-700x441.webp\" data-srcset=\"https:\/\/ifvcns.rs\/climate-crops\/wp-content\/uploads\/2024\/11\/Cochran-fellows-1-320x202.webp 320w, https:\/\/ifvcns.rs\/climate-crops\/wp-content\/uploads\/2024\/11\/Cochran-fellows-1-700x441.webp 700w\" data-sizes=\"auto\" \/><\/a><\/li><\/ul><\/div><div class=\"recent-posts-content\"><h3 class=\"entry-title\"><a href=\"https:\/\/ifvcns.rs\/climate-crops\/en\/climatecrops-en-en\/participation-in-usda-fas-cochran-fellowship-program\/\">Participation in USDA-FAS Cochran Fellowship Program<\/a><\/h3><p> In June 2024, the Climate Crops Centre member, Dr. Sonja Gvozdenac, participated in the USDA-FAS Cochran Fellowship Program [...]<\/p><\/div><\/article><article class=\"post fusion-column column col col-lg-4 col-md-4 col-sm-4\"><div class=\"fusion-flexslider fusion-flexslider-loading flexslider flexslider-hover-type-none\"><ul class=\"slides\"><li><a href=\"https:\/\/ifvcns.rs\/climate-crops\/en\/climatecrops-en-en\/golden-cup-for-pioneering-sunflower-research\/\" aria-label=\"Golden cup for pioneering sunflower research\" class=\"hover-type-none\"><img decoding=\"async\" width=\"700\" height=\"441\" src=\"https:\/\/ifvcns.rs\/climate-crops\/wp-content\/uploads\/2024\/06\/Sinisa-Sajam-700x441.jpg\" class=\"attachment-recent-posts size-recent-posts lazyload\" alt=\"Winners stand with their awards on the ceremony\" srcset=\"data:image\/svg+xml,%3Csvg%20xmlns%3D%27http%3A%2F%2Fwww.w3.org%2F2000%2Fsvg%27%20width%3D%271440%27%20height%3D%271440%27%20viewBox%3D%270%200%201440%201440%27%3E%3Crect%20width%3D%271440%27%20height%3D%271440%27%20fill-opacity%3D%220%22%2F%3E%3C%2Fsvg%3E\" data-orig-src=\"https:\/\/ifvcns.rs\/climate-crops\/wp-content\/uploads\/2024\/06\/Sinisa-Sajam-700x441.jpg\" data-srcset=\"https:\/\/ifvcns.rs\/climate-crops\/wp-content\/uploads\/2024\/06\/Sinisa-Sajam-320x202.jpg 320w, https:\/\/ifvcns.rs\/climate-crops\/wp-content\/uploads\/2024\/06\/Sinisa-Sajam-700x441.jpg 700w\" data-sizes=\"auto\" \/><\/a><\/li><\/ul><\/div><div class=\"recent-posts-content\"><h3 class=\"entry-title\"><a href=\"https:\/\/ifvcns.rs\/climate-crops\/en\/climatecrops-en-en\/golden-cup-for-pioneering-sunflower-research\/\">Golden cup for pioneering sunflower research<\/a><\/h3><p>Sini\u0161a Joci\u0107, Climate Crops member, was awarded with the golden cup at Novosadski sajam for his scientific achievements. As [...]<\/p><\/div><\/article><article class=\"post fusion-column column col col-lg-4 col-md-4 col-sm-4\"><div class=\"fusion-flexslider fusion-flexslider-loading flexslider flexslider-hover-type-none\"><ul class=\"slides\"><li><a href=\"https:\/\/ifvcns.rs\/climate-crops\/en\/climatecrops-en-en\/a-communication-skills-training-at-csic\/\" aria-label=\"A communication skills training at IAS (CSIC) in Cordoba\" class=\"hover-type-none\"><img decoding=\"async\" width=\"700\" height=\"441\" src=\"https:\/\/ifvcns.rs\/climate-crops\/wp-content\/uploads\/2024\/10\/viber_image_2024-05-14_10-29-52-907-1-700x441.jpg\" class=\"attachment-recent-posts size-recent-posts lazyload\" alt=\"\" srcset=\"data:image\/svg+xml,%3Csvg%20xmlns%3D%27http%3A%2F%2Fwww.w3.org%2F2000%2Fsvg%27%20width%3D%271600%27%20height%3D%271200%27%20viewBox%3D%270%200%201600%201200%27%3E%3Crect%20width%3D%271600%27%20height%3D%271200%27%20fill-opacity%3D%220%22%2F%3E%3C%2Fsvg%3E\" data-orig-src=\"https:\/\/ifvcns.rs\/climate-crops\/wp-content\/uploads\/2024\/10\/viber_image_2024-05-14_10-29-52-907-1-700x441.jpg\" data-srcset=\"https:\/\/ifvcns.rs\/climate-crops\/wp-content\/uploads\/2024\/10\/viber_image_2024-05-14_10-29-52-907-1-320x202.jpg 320w, https:\/\/ifvcns.rs\/climate-crops\/wp-content\/uploads\/2024\/10\/viber_image_2024-05-14_10-29-52-907-1-700x441.jpg 700w\" data-sizes=\"auto\" \/><\/a><\/li><\/ul><\/div><div class=\"recent-posts-content\"><h3 class=\"entry-title\"><a href=\"https:\/\/ifvcns.rs\/climate-crops\/en\/climatecrops-en-en\/a-communication-skills-training-at-csic\/\">A communication skills training at IAS (CSIC) in Cordoba<\/a><\/h3><p> From May 14 to May 16, 2024, the Institute of Sustainable Agriculture (IAS), a research institute of The [...]<\/p><\/div><\/article><article class=\"post fusion-column column col col-lg-4 col-md-4 col-sm-4\"><div class=\"fusion-flexslider fusion-flexslider-loading flexslider flexslider-hover-type-none\"><ul class=\"slides\"><li><a href=\"https:\/\/ifvcns.rs\/climate-crops\/en\/climatecrops-en-en\/a-short-term-scientific-mission-at-the-research-centre-julich\/\" aria-label=\"A short-term scientific mission at the Research Centre J\u00fclich\" class=\"hover-type-none\"><img decoding=\"async\" width=\"700\" height=\"441\" src=\"https:\/\/ifvcns.rs\/climate-crops\/wp-content\/uploads\/2024\/10\/1713863454925-1-700x441.jpg\" class=\"attachment-recent-posts size-recent-posts lazyload\" alt=\"\" srcset=\"data:image\/svg+xml,%3Csvg%20xmlns%3D%27http%3A%2F%2Fwww.w3.org%2F2000%2Fsvg%27%20width%3D%271280%27%20height%3D%271706%27%20viewBox%3D%270%200%201280%201706%27%3E%3Crect%20width%3D%271280%27%20height%3D%271706%27%20fill-opacity%3D%220%22%2F%3E%3C%2Fsvg%3E\" data-orig-src=\"https:\/\/ifvcns.rs\/climate-crops\/wp-content\/uploads\/2024\/10\/1713863454925-1-700x441.jpg\" data-srcset=\"https:\/\/ifvcns.rs\/climate-crops\/wp-content\/uploads\/2024\/10\/1713863454925-1-320x202.jpg 320w, https:\/\/ifvcns.rs\/climate-crops\/wp-content\/uploads\/2024\/10\/1713863454925-1-700x441.jpg 700w\" data-sizes=\"auto\" \/><\/a><\/li><\/ul><\/div><div class=\"recent-posts-content\"><h3 class=\"entry-title\"><a href=\"https:\/\/ifvcns.rs\/climate-crops\/en\/climatecrops-en-en\/a-short-term-scientific-mission-at-the-research-centre-julich\/\">A short-term scientific mission at the Research Centre J\u00fclich<\/a><\/h3><p> In a significant advancement for agricultural research, members of the Centre, Dr. Bo\u0161ko Dedi\u0107 and Dr. Aleksandra Radanovi\u0107 [...]<\/p><\/div><\/article><article class=\"post fusion-column column col col-lg-4 col-md-4 col-sm-4\"><div class=\"fusion-flexslider fusion-flexslider-loading flexslider flexslider-hover-type-none\"><ul class=\"slides\"><li><a href=\"https:\/\/ifvcns.rs\/climate-crops\/en\/climatecrops-en-en\/non-invasive-plant-phenotyping-approaches-and-research-infrastructure-management-a-workshop-and-training\/\" aria-label=\"\u2018Non-invasive plant phenotyping approaches and research infrastructure management\u2019 &#8211; a workshop and training\" class=\"hover-type-none\"><img decoding=\"async\" width=\"700\" height=\"441\" src=\"https:\/\/ifvcns.rs\/climate-crops\/wp-content\/uploads\/2024\/03\/IMG_4401-700x441.jpeg\" class=\"attachment-recent-posts size-recent-posts lazyload\" alt=\"\" srcset=\"data:image\/svg+xml,%3Csvg%20xmlns%3D%27http%3A%2F%2Fwww.w3.org%2F2000%2Fsvg%27%20width%3D%272048%27%20height%3D%271536%27%20viewBox%3D%270%200%202048%201536%27%3E%3Crect%20width%3D%272048%27%20height%3D%271536%27%20fill-opacity%3D%220%22%2F%3E%3C%2Fsvg%3E\" data-orig-src=\"https:\/\/ifvcns.rs\/climate-crops\/wp-content\/uploads\/2024\/03\/IMG_4401-700x441.jpeg\" data-srcset=\"https:\/\/ifvcns.rs\/climate-crops\/wp-content\/uploads\/2024\/03\/IMG_4401-320x202.jpeg 320w, https:\/\/ifvcns.rs\/climate-crops\/wp-content\/uploads\/2024\/03\/IMG_4401-700x441.jpeg 700w\" data-sizes=\"auto\" \/><\/a><\/li><\/ul><\/div><div class=\"recent-posts-content\"><h3 class=\"entry-title\"><a href=\"https:\/\/ifvcns.rs\/climate-crops\/en\/climatecrops-en-en\/non-invasive-plant-phenotyping-approaches-and-research-infrastructure-management-a-workshop-and-training\/\">\u2018Non-invasive plant phenotyping approaches and research infrastructure management\u2019 &#8211; a workshop and training<\/a><\/h3><p> The Climate Crops Centre members participated in a workshop on \u2018Non-invasive plant phenotyping approaches and research infrastructure management\u2019 [...]<\/p><\/div><\/article><article class=\"post fusion-column column col col-lg-4 col-md-4 col-sm-4\"><div class=\"fusion-flexslider fusion-flexslider-loading flexslider flexslider-hover-type-none\"><ul class=\"slides\"><li><a href=\"https:\/\/ifvcns.rs\/climate-crops\/en\/climatecrops-en-en\/the-climate-crops-centre-is-richer-for-two-more-projects-financed-by-the-science-fund-of-the-republic-of-serbia\/\" aria-label=\"The Climate Crops Centre is richer for two more projects financed by the Science Fund of the Republic of Serbia\" class=\"hover-type-none\"><img decoding=\"async\" width=\"700\" height=\"441\" src=\"https:\/\/ifvcns.rs\/climate-crops\/wp-content\/uploads\/2024\/05\/foto118-1-700x441.jpg\" class=\"attachment-recent-posts size-recent-posts lazyload\" alt=\"\" srcset=\"data:image\/svg+xml,%3Csvg%20xmlns%3D%27http%3A%2F%2Fwww.w3.org%2F2000%2Fsvg%27%20width%3D%272560%27%20height%3D%271709%27%20viewBox%3D%270%200%202560%201709%27%3E%3Crect%20width%3D%272560%27%20height%3D%271709%27%20fill-opacity%3D%220%22%2F%3E%3C%2Fsvg%3E\" data-orig-src=\"https:\/\/ifvcns.rs\/climate-crops\/wp-content\/uploads\/2024\/05\/foto118-1-700x441.jpg\" data-srcset=\"https:\/\/ifvcns.rs\/climate-crops\/wp-content\/uploads\/2024\/05\/foto118-1-320x202.jpg 320w, https:\/\/ifvcns.rs\/climate-crops\/wp-content\/uploads\/2024\/05\/foto118-1-700x441.jpg 700w\" data-sizes=\"auto\" \/><\/a><\/li><\/ul><\/div><div class=\"recent-posts-content\"><h3 class=\"entry-title\"><a href=\"https:\/\/ifvcns.rs\/climate-crops\/en\/climatecrops-en-en\/the-climate-crops-centre-is-richer-for-two-more-projects-financed-by-the-science-fund-of-the-republic-of-serbia\/\">The Climate Crops Centre is richer for two more projects financed by the Science Fund of the Republic of Serbia<\/a><\/h3><p> Within the Prisma program of the Science Fund of the Republic of Serbia, 97 projects were approved for [...]<\/p><\/div><\/article><article class=\"post fusion-column column col col-lg-4 col-md-4 col-sm-4\"><div class=\"fusion-flexslider fusion-flexslider-loading flexslider flexslider-hover-type-none\"><ul class=\"slides\"><li><a href=\"https:\/\/ifvcns.rs\/climate-crops\/en\/climatecrops-en-en\/the-recognition-for-scientific-excellence-of-the-ap-vojvodina-award\/\" aria-label=\"The Recognition for Scientific Excellence of the AP Vojvodina Award\" class=\"hover-type-none\"><img decoding=\"async\" width=\"700\" height=\"441\" src=\"https:\/\/ifvcns.rs\/climate-crops\/wp-content\/uploads\/2024\/01\/viber_image_2023-12-07_15-10-29-501-700x441.jpg\" class=\"attachment-recent-posts size-recent-posts lazyload\" alt=\"\" srcset=\"data:image\/svg+xml,%3Csvg%20xmlns%3D%27http%3A%2F%2Fwww.w3.org%2F2000%2Fsvg%27%20width%3D%271200%27%20height%3D%271600%27%20viewBox%3D%270%200%201200%201600%27%3E%3Crect%20width%3D%271200%27%20height%3D%271600%27%20fill-opacity%3D%220%22%2F%3E%3C%2Fsvg%3E\" data-orig-src=\"https:\/\/ifvcns.rs\/climate-crops\/wp-content\/uploads\/2024\/01\/viber_image_2023-12-07_15-10-29-501-700x441.jpg\" data-srcset=\"https:\/\/ifvcns.rs\/climate-crops\/wp-content\/uploads\/2024\/01\/viber_image_2023-12-07_15-10-29-501-320x202.jpg 320w, https:\/\/ifvcns.rs\/climate-crops\/wp-content\/uploads\/2024\/01\/viber_image_2023-12-07_15-10-29-501-700x441.jpg 700w\" data-sizes=\"auto\" \/><\/a><\/li><\/ul><\/div><div class=\"recent-posts-content\"><h3 class=\"entry-title\"><a href=\"https:\/\/ifvcns.rs\/climate-crops\/en\/climatecrops-en-en\/the-recognition-for-scientific-excellence-of-the-ap-vojvodina-award\/\">The Recognition for Scientific Excellence of the AP Vojvodina Award<\/a><\/h3><p> A principal investigator for the scientific field of biotechnical sciences and the head of the Centre, Prof. Dr. [...]<\/p><\/div><\/article><article class=\"post fusion-column column col col-lg-4 col-md-4 col-sm-4\"><div class=\"fusion-flexslider fusion-flexslider-loading flexslider flexslider-hover-type-none\"><ul class=\"slides\"><li><a href=\"https:\/\/ifvcns.rs\/climate-crops\/en\/climatecrops-en-en\/climate-crops-center-celebrates-a-new-phd-graduate\/\" aria-label=\"Climate Crops Centre celebrates a new PhD graduate\" class=\"hover-type-none\"><img decoding=\"async\" width=\"700\" height=\"441\" src=\"https:\/\/ifvcns.rs\/climate-crops\/wp-content\/uploads\/2023\/12\/1701177548175-1-700x441.jpg\" class=\"attachment-recent-posts size-recent-posts lazyload\" alt=\"\" srcset=\"data:image\/svg+xml,%3Csvg%20xmlns%3D%27http%3A%2F%2Fwww.w3.org%2F2000%2Fsvg%27%20width%3D%271127%27%20height%3D%27864%27%20viewBox%3D%270%200%201127%20864%27%3E%3Crect%20width%3D%271127%27%20height%3D%27864%27%20fill-opacity%3D%220%22%2F%3E%3C%2Fsvg%3E\" data-orig-src=\"https:\/\/ifvcns.rs\/climate-crops\/wp-content\/uploads\/2023\/12\/1701177548175-1-700x441.jpg\" data-srcset=\"https:\/\/ifvcns.rs\/climate-crops\/wp-content\/uploads\/2023\/12\/1701177548175-1-320x202.jpg 320w, https:\/\/ifvcns.rs\/climate-crops\/wp-content\/uploads\/2023\/12\/1701177548175-1-700x441.jpg 700w\" data-sizes=\"auto\" \/><\/a><\/li><\/ul><\/div><div class=\"recent-posts-content\"><h3 class=\"entry-title\"><a href=\"https:\/\/ifvcns.rs\/climate-crops\/en\/climatecrops-en-en\/climate-crops-center-celebrates-a-new-phd-graduate\/\">Climate Crops Centre celebrates a new PhD graduate<\/a><\/h3><p> A team member of Climate Crops Centre, MSc Jelena Jockovic, defended her PhD thesis titled \u201cMicromorphological and anatomical [...]<\/p><\/div><\/article><article class=\"post fusion-column column col col-lg-4 col-md-4 col-sm-4\"><div class=\"fusion-flexslider fusion-flexslider-loading flexslider flexslider-hover-type-none\"><ul class=\"slides\"><li><a href=\"https:\/\/ifvcns.rs\/climate-crops\/en\/climatecrops-en-en\/a-visit-within-bilateral-cooperation-between-the-climate-crops-center-and-the-biotechnical-faculty-university-of-ljubljana\/\" aria-label=\"A visit within bilateral cooperation between the Climate Crops Centre and the Biotechnical Faculty, University of Ljubljana\" class=\"hover-type-none\"><img decoding=\"async\" width=\"700\" height=\"441\" src=\"https:\/\/ifvcns.rs\/climate-crops\/wp-content\/uploads\/2024\/01\/1701870457235-700x441.jpg\" class=\"attachment-recent-posts size-recent-posts lazyload\" alt=\"\" srcset=\"data:image\/svg+xml,%3Csvg%20xmlns%3D%27http%3A%2F%2Fwww.w3.org%2F2000%2Fsvg%27%20width%3D%27800%27%20height%3D%27800%27%20viewBox%3D%270%200%20800%20800%27%3E%3Crect%20width%3D%27800%27%20height%3D%27800%27%20fill-opacity%3D%220%22%2F%3E%3C%2Fsvg%3E\" data-orig-src=\"https:\/\/ifvcns.rs\/climate-crops\/wp-content\/uploads\/2024\/01\/1701870457235-700x441.jpg\" data-srcset=\"https:\/\/ifvcns.rs\/climate-crops\/wp-content\/uploads\/2024\/01\/1701870457235-320x202.jpg 320w, https:\/\/ifvcns.rs\/climate-crops\/wp-content\/uploads\/2024\/01\/1701870457235-700x441.jpg 700w\" data-sizes=\"auto\" \/><\/a><\/li><\/ul><\/div><div class=\"recent-posts-content\"><h3 class=\"entry-title\"><a href=\"https:\/\/ifvcns.rs\/climate-crops\/en\/climatecrops-en-en\/a-visit-within-bilateral-cooperation-between-the-climate-crops-center-and-the-biotechnical-faculty-university-of-ljubljana\/\">A visit within bilateral cooperation between the Climate Crops Centre and the Biotechnical Faculty, University of Ljubljana<\/a><\/h3><p> The Climate Crops Centre hosted colleagues from the University of Ljubljana, Biotechnical Faculty, Prof. Dr. Vidrih Matej, Prof. [...]<\/p><\/div><\/article><article class=\"post fusion-column column col col-lg-4 col-md-4 col-sm-4\"><div class=\"fusion-flexslider fusion-flexslider-loading flexslider flexslider-hover-type-none\"><ul class=\"slides\"><li><a href=\"https:\/\/ifvcns.rs\/climate-crops\/en\/climatecrops-en-en\/the-climate-crops-centre-members-visited-the-institute-of-sustainable-agriculture-ias-in-cordoba\/\" aria-label=\"The Climate Crops Centre members visited the Institute of Sustainable Agriculture (IAS) in Cordoba\" class=\"hover-type-none\"><img decoding=\"async\" width=\"700\" height=\"441\" src=\"https:\/\/ifvcns.rs\/climate-crops\/wp-content\/uploads\/2024\/03\/IMG20231026112021_01-700x441.jpg\" class=\"attachment-recent-posts size-recent-posts lazyload\" alt=\"\" srcset=\"data:image\/svg+xml,%3Csvg%20xmlns%3D%27http%3A%2F%2Fwww.w3.org%2F2000%2Fsvg%27%20width%3D%272560%27%20height%3D%271920%27%20viewBox%3D%270%200%202560%201920%27%3E%3Crect%20width%3D%272560%27%20height%3D%271920%27%20fill-opacity%3D%220%22%2F%3E%3C%2Fsvg%3E\" data-orig-src=\"https:\/\/ifvcns.rs\/climate-crops\/wp-content\/uploads\/2024\/03\/IMG20231026112021_01-700x441.jpg\" data-srcset=\"https:\/\/ifvcns.rs\/climate-crops\/wp-content\/uploads\/2024\/03\/IMG20231026112021_01-320x202.jpg 320w, https:\/\/ifvcns.rs\/climate-crops\/wp-content\/uploads\/2024\/03\/IMG20231026112021_01-700x441.jpg 700w\" data-sizes=\"auto\" \/><\/a><\/li><\/ul><\/div><div class=\"recent-posts-content\"><h3 class=\"entry-title\"><a href=\"https:\/\/ifvcns.rs\/climate-crops\/en\/climatecrops-en-en\/the-climate-crops-centre-members-visited-the-institute-of-sustainable-agriculture-ias-in-cordoba\/\">The Climate Crops Centre members visited the Institute of Sustainable Agriculture (IAS) in Cordoba<\/a><\/h3><p> Members of the Climate Crops Centre participated in a workshop on \u2018Application of sensors and image analysis as [...]<\/p><\/div><\/article><article class=\"post fusion-column column col col-lg-4 col-md-4 col-sm-4\"><div class=\"fusion-flexslider fusion-flexslider-loading flexslider flexslider-hover-type-none\"><ul class=\"slides\"><li><a href=\"https:\/\/ifvcns.rs\/climate-crops\/en\/climatecrops-en-en\/navigating-new-european-horizons-our-institutions-journey-began\/\" aria-label=\"Navigating new European horizons: our institution&#8217;s journey began\" class=\"hover-type-none\"><img decoding=\"async\" width=\"700\" height=\"441\" src=\"https:\/\/ifvcns.rs\/climate-crops\/wp-content\/uploads\/2023\/10\/HelEx-group-photo-700x441.jpg\" class=\"attachment-recent-posts size-recent-posts lazyload\" alt=\"Group photo of kick off meeting participants. There is HelEx project rollup on their left side.\" srcset=\"data:image\/svg+xml,%3Csvg%20xmlns%3D%27http%3A%2F%2Fwww.w3.org%2F2000%2Fsvg%27%20width%3D%272500%27%20height%3D%271202%27%20viewBox%3D%270%200%202500%201202%27%3E%3Crect%20width%3D%272500%27%20height%3D%271202%27%20fill-opacity%3D%220%22%2F%3E%3C%2Fsvg%3E\" data-orig-src=\"https:\/\/ifvcns.rs\/climate-crops\/wp-content\/uploads\/2023\/10\/HelEx-group-photo-700x441.jpg\" data-srcset=\"https:\/\/ifvcns.rs\/climate-crops\/wp-content\/uploads\/2023\/10\/HelEx-group-photo-320x202.jpg 320w, https:\/\/ifvcns.rs\/climate-crops\/wp-content\/uploads\/2023\/10\/HelEx-group-photo-700x441.jpg 700w\" data-sizes=\"auto\" \/><\/a><\/li><\/ul><\/div><div class=\"recent-posts-content\"><h3 class=\"entry-title\"><a href=\"https:\/\/ifvcns.rs\/climate-crops\/en\/climatecrops-en-en\/navigating-new-european-horizons-our-institutions-journey-began\/\">Navigating new European horizons: our institution&#8217;s journey began<\/a><\/h3><p> Global collaboration of experts in ecology, economics, genetics, and biotechnology has formed an innovative consortium focused on sunflower [...]<\/p><\/div><\/article><article class=\"post fusion-column column col col-lg-4 col-md-4 col-sm-4\"><div class=\"fusion-flexslider fusion-flexslider-loading flexslider flexslider-hover-type-none\"><ul class=\"slides\"><li><a href=\"https:\/\/ifvcns.rs\/climate-crops\/en\/climatecrops-en-en\/carina-project-kick-off-meeting\/\" aria-label=\"CARINA project kick off meeting\" class=\"hover-type-none\"><img decoding=\"async\" width=\"700\" height=\"441\" src=\"https:\/\/ifvcns.rs\/climate-crops\/wp-content\/uploads\/2022\/12\/CARINA-2-700x441.jpg\" class=\"attachment-recent-posts size-recent-posts lazyload\" alt=\"\" srcset=\"data:image\/svg+xml,%3Csvg%20xmlns%3D%27http%3A%2F%2Fwww.w3.org%2F2000%2Fsvg%27%20width%3D%272560%27%20height%3D%271920%27%20viewBox%3D%270%200%202560%201920%27%3E%3Crect%20width%3D%272560%27%20height%3D%271920%27%20fill-opacity%3D%220%22%2F%3E%3C%2Fsvg%3E\" data-orig-src=\"https:\/\/ifvcns.rs\/climate-crops\/wp-content\/uploads\/2022\/12\/CARINA-2-700x441.jpg\" data-srcset=\"https:\/\/ifvcns.rs\/climate-crops\/wp-content\/uploads\/2022\/12\/CARINA-2-320x202.jpg 320w, https:\/\/ifvcns.rs\/climate-crops\/wp-content\/uploads\/2022\/12\/CARINA-2-700x441.jpg 700w\" data-sizes=\"auto\" \/><\/a><\/li><\/ul><\/div><div class=\"recent-posts-content\"><h3 class=\"entry-title\"><a href=\"https:\/\/ifvcns.rs\/climate-crops\/en\/climatecrops-en-en\/carina-project-kick-off-meeting\/\">CARINA project kick off meeting<\/a><\/h3><p> Kick-off meeting of the consortium of the project \"Carinata and camelina boasting the sustainable diversification in agricultural production [...]<\/p><\/div><\/article><article class=\"post fusion-column column col col-lg-4 col-md-4 col-sm-4\"><div class=\"fusion-flexslider fusion-flexslider-loading flexslider flexslider-hover-type-none\"><ul class=\"slides\"><li><a href=\"https:\/\/ifvcns.rs\/climate-crops\/en\/climatecrops-en-en\/horizon-europe-project-midas-is-launched\/\" aria-label=\"Horizon Europe project MIDAS is launched\" class=\"hover-type-none\"><img decoding=\"async\" width=\"700\" height=\"441\" src=\"https:\/\/ifvcns.rs\/climate-crops\/wp-content\/uploads\/2022\/11\/2022.Midas_-1-700x441.jpg\" class=\"attachment-recent-posts size-recent-posts lazyload\" alt=\"Group photo of meeting participants\" srcset=\"data:image\/svg+xml,%3Csvg%20xmlns%3D%27http%3A%2F%2Fwww.w3.org%2F2000%2Fsvg%27%20width%3D%272560%27%20height%3D%271440%27%20viewBox%3D%270%200%202560%201440%27%3E%3Crect%20width%3D%272560%27%20height%3D%271440%27%20fill-opacity%3D%220%22%2F%3E%3C%2Fsvg%3E\" data-orig-src=\"https:\/\/ifvcns.rs\/climate-crops\/wp-content\/uploads\/2022\/11\/2022.Midas_-1-700x441.jpg\" data-srcset=\"https:\/\/ifvcns.rs\/climate-crops\/wp-content\/uploads\/2022\/11\/2022.Midas_-1-320x202.jpg 320w, https:\/\/ifvcns.rs\/climate-crops\/wp-content\/uploads\/2022\/11\/2022.Midas_-1-700x441.jpg 700w\" data-sizes=\"auto\" \/><\/a><\/li><\/ul><\/div><div class=\"recent-posts-content\"><h3 class=\"entry-title\"><a href=\"https:\/\/ifvcns.rs\/climate-crops\/en\/climatecrops-en-en\/horizon-europe-project-midas-is-launched\/\">Horizon Europe project MIDAS is launched<\/a><\/h3><p> We are happy to announce the start of a Horizon Europe project: \u201eUtilization of Marginal lands for growing [...]<\/p><\/div><\/article><article class=\"post fusion-column column col col-lg-4 col-md-4 col-sm-4\"><div class=\"fusion-flexslider fusion-flexslider-loading flexslider flexslider-hover-type-none\"><ul class=\"slides\"><li><a href=\"https:\/\/ifvcns.rs\/climate-crops\/en\/climatecrops-en-en\/agroserv-kick-off-meeting\/\" aria-label=\"AgroServ Kick off meeting\" class=\"hover-type-none\"><img decoding=\"async\" width=\"700\" height=\"441\" src=\"https:\/\/ifvcns.rs\/climate-crops\/wp-content\/uploads\/2022\/11\/agroserv-0051-700x441.jpg\" class=\"attachment-recent-posts size-recent-posts lazyload\" alt=\"\" srcset=\"data:image\/svg+xml,%3Csvg%20xmlns%3D%27http%3A%2F%2Fwww.w3.org%2F2000%2Fsvg%27%20width%3D%272048%27%20height%3D%271366%27%20viewBox%3D%270%200%202048%201366%27%3E%3Crect%20width%3D%272048%27%20height%3D%271366%27%20fill-opacity%3D%220%22%2F%3E%3C%2Fsvg%3E\" data-orig-src=\"https:\/\/ifvcns.rs\/climate-crops\/wp-content\/uploads\/2022\/11\/agroserv-0051-700x441.jpg\" data-srcset=\"https:\/\/ifvcns.rs\/climate-crops\/wp-content\/uploads\/2022\/11\/agroserv-0051-320x202.jpg 320w, https:\/\/ifvcns.rs\/climate-crops\/wp-content\/uploads\/2022\/11\/agroserv-0051-700x441.jpg 700w\" data-sizes=\"auto\" \/><\/a><\/li><\/ul><\/div><div class=\"recent-posts-content\"><h3 class=\"entry-title\"><a href=\"https:\/\/ifvcns.rs\/climate-crops\/en\/climatecrops-en-en\/agroserv-kick-off-meeting\/\">AgroServ Kick off meeting<\/a><\/h3><p> Three members from our Centre (dr Dragana Miladinovi\u0107, dr Ankica Kondi\u0107 \u0160pika and dr Dragana Trkulja) participated at [...]<\/p><\/div><\/article><article class=\"post fusion-column column col col-lg-4 col-md-4 col-sm-4\"><div class=\"fusion-flexslider fusion-flexslider-loading flexslider flexslider-hover-type-none\"><ul class=\"slides\"><li><a href=\"https:\/\/ifvcns.rs\/climate-crops\/en\/climatecrops-en-en\/successfully-finished-cropinno-meeting\/\" aria-label=\"Successfully finished CROPINNO meeting\" class=\"hover-type-none\"><img decoding=\"async\" width=\"700\" height=\"441\" src=\"https:\/\/ifvcns.rs\/climate-crops\/wp-content\/uploads\/2022\/10\/1666957288897blob-700x441.png\" class=\"attachment-recent-posts size-recent-posts lazyload\" alt=\"\" srcset=\"data:image\/svg+xml,%3Csvg%20xmlns%3D%27http%3A%2F%2Fwww.w3.org%2F2000%2Fsvg%27%20width%3D%271600%27%20height%3D%271200%27%20viewBox%3D%270%200%201600%201200%27%3E%3Crect%20width%3D%271600%27%20height%3D%271200%27%20fill-opacity%3D%220%22%2F%3E%3C%2Fsvg%3E\" data-orig-src=\"https:\/\/ifvcns.rs\/climate-crops\/wp-content\/uploads\/2022\/10\/1666957288897blob-700x441.png\" data-srcset=\"https:\/\/ifvcns.rs\/climate-crops\/wp-content\/uploads\/2022\/10\/1666957288897blob-320x202.png 320w, https:\/\/ifvcns.rs\/climate-crops\/wp-content\/uploads\/2022\/10\/1666957288897blob-700x441.png 700w\" data-sizes=\"auto\" \/><\/a><\/li><\/ul><\/div><div class=\"recent-posts-content\"><h3 class=\"entry-title\"><a href=\"https:\/\/ifvcns.rs\/climate-crops\/en\/climatecrops-en-en\/successfully-finished-cropinno-meeting\/\">Successfully finished CROPINNO meeting<\/a><\/h3><p> At CROPINNO kick-off meeting all participants had opportunity to meet each others and discuss about following activities and [...]<\/p><\/div><\/article><article class=\"post fusion-column column col col-lg-4 col-md-4 col-sm-4\"><div class=\"fusion-flexslider fusion-flexslider-loading flexslider flexslider-hover-type-none\"><ul class=\"slides\"><li><a href=\"https:\/\/ifvcns.rs\/climate-crops\/en\/climatecrops-en-en\/presentation-of-cropinno-project\/\" aria-label=\"Presentation of CROPINNO project\" class=\"hover-type-none\"><img decoding=\"async\" width=\"700\" height=\"441\" src=\"https:\/\/ifvcns.rs\/climate-crops\/wp-content\/uploads\/2022\/10\/Cropinno-tehnoloski-700x441.jpg\" class=\"attachment-recent-posts size-recent-posts lazyload\" alt=\"Dragana Miladinovi\u0107 presents project Cropinno at the 1st TwiNSol-CECs Workshop\" srcset=\"data:image\/svg+xml,%3Csvg%20xmlns%3D%27http%3A%2F%2Fwww.w3.org%2F2000%2Fsvg%27%20width%3D%271600%27%20height%3D%271200%27%20viewBox%3D%270%200%201600%201200%27%3E%3Crect%20width%3D%271600%27%20height%3D%271200%27%20fill-opacity%3D%220%22%2F%3E%3C%2Fsvg%3E\" data-orig-src=\"https:\/\/ifvcns.rs\/climate-crops\/wp-content\/uploads\/2022\/10\/Cropinno-tehnoloski-700x441.jpg\" data-srcset=\"https:\/\/ifvcns.rs\/climate-crops\/wp-content\/uploads\/2022\/10\/Cropinno-tehnoloski-320x202.jpg 320w, https:\/\/ifvcns.rs\/climate-crops\/wp-content\/uploads\/2022\/10\/Cropinno-tehnoloski-700x441.jpg 700w\" data-sizes=\"auto\" \/><\/a><\/li><\/ul><\/div><div class=\"recent-posts-content\"><h3 class=\"entry-title\"><a href=\"https:\/\/ifvcns.rs\/climate-crops\/en\/climatecrops-en-en\/presentation-of-cropinno-project\/\">Presentation of CROPINNO project<\/a><\/h3><p> Dr Dragana Miladinovi\u0107 presented our latest Horizon Europe\u00a0project - CROPINNO at 1st TwiNSol-CECs Workshop, at the\u00a0Faculty of Technology [...]<\/p><\/div><\/article><article class=\"post fusion-column column col col-lg-4 col-md-4 col-sm-4\"><div class=\"fusion-flexslider fusion-flexslider-loading flexslider flexslider-hover-type-none\"><ul class=\"slides\"><li><a href=\"https:\/\/ifvcns.rs\/climate-crops\/en\/climatecrops-en-en\/kick-off-meeting-of-cropinno-project-in-novi-sad\/\" aria-label=\"Kick off meeting of Cropinno project in Novi Sad\" class=\"hover-type-none\"><img decoding=\"async\" width=\"700\" height=\"441\" src=\"https:\/\/ifvcns.rs\/climate-crops\/wp-content\/uploads\/2022\/10\/kick-off-700x441.jpeg\" class=\"attachment-recent-posts size-recent-posts lazyload\" alt=\"\" srcset=\"data:image\/svg+xml,%3Csvg%20xmlns%3D%27http%3A%2F%2Fwww.w3.org%2F2000%2Fsvg%27%20width%3D%272323%27%20height%3D%271291%27%20viewBox%3D%270%200%202323%201291%27%3E%3Crect%20width%3D%272323%27%20height%3D%271291%27%20fill-opacity%3D%220%22%2F%3E%3C%2Fsvg%3E\" data-orig-src=\"https:\/\/ifvcns.rs\/climate-crops\/wp-content\/uploads\/2022\/10\/kick-off-700x441.jpeg\" data-srcset=\"https:\/\/ifvcns.rs\/climate-crops\/wp-content\/uploads\/2022\/10\/kick-off-320x202.jpeg 320w, https:\/\/ifvcns.rs\/climate-crops\/wp-content\/uploads\/2022\/10\/kick-off-700x441.jpeg 700w\" data-sizes=\"auto\" \/><\/a><\/li><\/ul><\/div><div class=\"recent-posts-content\"><h3 class=\"entry-title\"><a href=\"https:\/\/ifvcns.rs\/climate-crops\/en\/climatecrops-en-en\/kick-off-meeting-of-cropinno-project-in-novi-sad\/\">Kick off meeting of Cropinno project in Novi Sad<\/a><\/h3><p>Twinning project CROPINNO will have a Kick-off meeting on October 25th and 26th. The meeting will be organized as [...]<\/p><\/div><\/article><article class=\"post fusion-column column col col-lg-4 col-md-4 col-sm-4\"><div class=\"fusion-flexslider fusion-flexslider-loading flexslider flexslider-hover-type-none\"><ul class=\"slides\"><li><a href=\"https:\/\/ifvcns.rs\/climate-crops\/en\/climatecrops-en-en\/climate-crops-at-4th-international-conference-on-plant-biology-in-belgrade\/\" aria-label=\"Climate Crops at 4th International Conference on Plant Biology in Belgrade\" class=\"hover-type-none\"><img decoding=\"async\" width=\"700\" height=\"441\" src=\"https:\/\/ifvcns.rs\/climate-crops\/wp-content\/uploads\/2022\/10\/1665475366587blob-1-700x441.png\" class=\"attachment-recent-posts size-recent-posts lazyload\" alt=\"\" srcset=\"data:image\/svg+xml,%3Csvg%20xmlns%3D%27http%3A%2F%2Fwww.w3.org%2F2000%2Fsvg%27%20width%3D%271600%27%20height%3D%271200%27%20viewBox%3D%270%200%201600%201200%27%3E%3Crect%20width%3D%271600%27%20height%3D%271200%27%20fill-opacity%3D%220%22%2F%3E%3C%2Fsvg%3E\" data-orig-src=\"https:\/\/ifvcns.rs\/climate-crops\/wp-content\/uploads\/2022\/10\/1665475366587blob-1-700x441.png\" data-srcset=\"https:\/\/ifvcns.rs\/climate-crops\/wp-content\/uploads\/2022\/10\/1665475366587blob-1-320x202.png 320w, https:\/\/ifvcns.rs\/climate-crops\/wp-content\/uploads\/2022\/10\/1665475366587blob-1-700x441.png 700w\" data-sizes=\"auto\" \/><\/a><\/li><\/ul><\/div><div class=\"recent-posts-content\"><h3 class=\"entry-title\"><a href=\"https:\/\/ifvcns.rs\/climate-crops\/en\/climatecrops-en-en\/climate-crops-at-4th-international-conference-on-plant-biology-in-belgrade\/\">Climate Crops at 4th International Conference on Plant Biology in Belgrade<\/a><\/h3><p> From 6-8 of October, two members of our Centre participated at 4th International Conference on Plant Biology, organized [...]<\/p><\/div><\/article><article class=\"post fusion-column column col col-lg-4 col-md-4 col-sm-4\"><div class=\"fusion-flexslider fusion-flexslider-loading flexslider flexslider-hover-type-none\"><ul class=\"slides\"><li><a href=\"https:\/\/ifvcns.rs\/climate-crops\/en\/climatecrops-en-en\/climate-crops-at-planted-cost-conference\/\" aria-label=\"Climate crops at PlantEd COST conference\" class=\"hover-type-none\"><img decoding=\"async\" width=\"700\" height=\"441\" src=\"https:\/\/ifvcns.rs\/climate-crops\/wp-content\/uploads\/2022\/10\/3rd-PlantEd-700x441.jpg\" class=\"attachment-recent-posts size-recent-posts lazyload\" alt=\"Group photo of 3rd PlantEd conference participants\" srcset=\"data:image\/svg+xml,%3Csvg%20xmlns%3D%27http%3A%2F%2Fwww.w3.org%2F2000%2Fsvg%27%20width%3D%27800%27%20height%3D%27600%27%20viewBox%3D%270%200%20800%20600%27%3E%3Crect%20width%3D%27800%27%20height%3D%27600%27%20fill-opacity%3D%220%22%2F%3E%3C%2Fsvg%3E\" data-orig-src=\"https:\/\/ifvcns.rs\/climate-crops\/wp-content\/uploads\/2022\/10\/3rd-PlantEd-700x441.jpg\" data-srcset=\"https:\/\/ifvcns.rs\/climate-crops\/wp-content\/uploads\/2022\/10\/3rd-PlantEd-320x202.jpg 320w, https:\/\/ifvcns.rs\/climate-crops\/wp-content\/uploads\/2022\/10\/3rd-PlantEd-700x441.jpg 700w\" data-sizes=\"auto\" \/><\/a><\/li><\/ul><\/div><div class=\"recent-posts-content\"><h3 class=\"entry-title\"><a href=\"https:\/\/ifvcns.rs\/climate-crops\/en\/climatecrops-en-en\/climate-crops-at-planted-cost-conference\/\">Climate crops at PlantEd COST conference<\/a><\/h3><p>Three Climate Crops researchers attended 3rd COST PlantEd (COST Action 18111) conference at the University of D\u00fcsseldorf.\u00a0 The main [...]<\/p><\/div><\/article><article class=\"post fusion-column column col col-lg-4 col-md-4 col-sm-4\"><div class=\"fusion-flexslider fusion-flexslider-loading flexslider flexslider-hover-type-none\"><ul class=\"slides\"><li><a href=\"https:\/\/ifvcns.rs\/climate-crops\/en\/climatecrops-en-en\/severe-drought-influences-crop-production\/\" aria-label=\"Severe drought influences crop production\" class=\"hover-type-none\"><img decoding=\"async\" width=\"700\" height=\"441\" src=\"https:\/\/ifvcns.rs\/climate-crops\/wp-content\/uploads\/2022\/10\/Susa1-700x441.jpg\" class=\"attachment-recent-posts size-recent-posts lazyload\" alt=\"Suvo zemlji\u0161te sa rupama u polju suncokreta\" srcset=\"data:image\/svg+xml,%3Csvg%20xmlns%3D%27http%3A%2F%2Fwww.w3.org%2F2000%2Fsvg%27%20width%3D%271280%27%20height%3D%272276%27%20viewBox%3D%270%200%201280%202276%27%3E%3Crect%20width%3D%271280%27%20height%3D%272276%27%20fill-opacity%3D%220%22%2F%3E%3C%2Fsvg%3E\" data-orig-src=\"https:\/\/ifvcns.rs\/climate-crops\/wp-content\/uploads\/2022\/10\/Susa1-700x441.jpg\" data-srcset=\"https:\/\/ifvcns.rs\/climate-crops\/wp-content\/uploads\/2022\/10\/Susa1-320x202.jpg 320w, https:\/\/ifvcns.rs\/climate-crops\/wp-content\/uploads\/2022\/10\/Susa1-700x441.jpg 700w\" data-sizes=\"auto\" \/><\/a><\/li><\/ul><\/div><div class=\"recent-posts-content\"><h3 class=\"entry-title\"><a href=\"https:\/\/ifvcns.rs\/climate-crops\/en\/climatecrops-en-en\/severe-drought-influences-crop-production\/\">Severe drought influences crop production<\/a><\/h3><p> This summer, we are indeed witnessing unfavorable effects of climate change, mostly in terms of severe drought on [...]<\/p><\/div><\/article><article class=\"post fusion-column column col col-lg-4 col-md-4 col-sm-4\"><div class=\"fusion-flexslider fusion-flexslider-loading flexslider flexslider-hover-type-none\"><ul class=\"slides\"><li><a href=\"https:\/\/ifvcns.rs\/climate-crops\/en\/climatecrops-en-en\/climate-crops-at-tv-show-otkos\/\" aria-label=\"Climate Crops at TV show Otkos\" class=\"hover-type-none\"><img decoding=\"async\" width=\"634\" height=\"357\" src=\"https:\/\/ifvcns.rs\/climate-crops\/wp-content\/uploads\/2022\/10\/Beki.png\" class=\"attachment-recent-posts size-recent-posts lazyload\" alt=\"dr Goran Bekavac at Otkos TV show\" srcset=\"data:image\/svg+xml,%3Csvg%20xmlns%3D%27http%3A%2F%2Fwww.w3.org%2F2000%2Fsvg%27%20width%3D%27634%27%20height%3D%27357%27%20viewBox%3D%270%200%20634%20357%27%3E%3Crect%20width%3D%27634%27%20height%3D%27357%27%20fill-opacity%3D%220%22%2F%3E%3C%2Fsvg%3E\" data-orig-src=\"https:\/\/ifvcns.rs\/climate-crops\/wp-content\/uploads\/2022\/10\/Beki.png\" data-srcset=\"https:\/\/ifvcns.rs\/climate-crops\/wp-content\/uploads\/2022\/10\/Beki-200x113.png 200w, https:\/\/ifvcns.rs\/climate-crops\/wp-content\/uploads\/2022\/10\/Beki-300x169.png 300w, https:\/\/ifvcns.rs\/climate-crops\/wp-content\/uploads\/2022\/10\/Beki-400x225.png 400w, https:\/\/ifvcns.rs\/climate-crops\/wp-content\/uploads\/2022\/10\/Beki-600x338.png 600w, https:\/\/ifvcns.rs\/climate-crops\/wp-content\/uploads\/2022\/10\/Beki.png 634w\" data-sizes=\"auto\" \/><\/a><\/li><\/ul><\/div><div class=\"recent-posts-content\"><h3 class=\"entry-title\"><a href=\"https:\/\/ifvcns.rs\/climate-crops\/en\/climatecrops-en-en\/climate-crops-at-tv-show-otkos\/\">Climate Crops at TV show Otkos<\/a><\/h3><p>Goran Bekavac, Climate Crops member, was a guest in TV show Otkos (in Serbian) where he discussed the effects [...]<\/p><\/div><\/article><article class=\"post fusion-column column col col-lg-4 col-md-4 col-sm-4\"><div class=\"fusion-flexslider fusion-flexslider-loading flexslider flexslider-hover-type-none\"><ul class=\"slides\"><li><a href=\"https:\/\/ifvcns.rs\/climate-crops\/en\/climatecrops-en-en\/climate-crops-at-the-63rd-conference-production-and-processing-of-oilseeds-at-herceg-novi-montenegro\/\" aria-label=\"Climate Crops at the 63rd Conference Production and processing of oilseeds at Herceg Novi, Montenegro\" class=\"hover-type-none\"><img decoding=\"async\" width=\"700\" height=\"441\" src=\"https:\/\/ifvcns.rs\/climate-crops\/wp-content\/uploads\/2022\/09\/Slika-2-700x441.jpg\" class=\"attachment-recent-posts size-recent-posts lazyload\" alt=\"\" srcset=\"data:image\/svg+xml,%3Csvg%20xmlns%3D%27http%3A%2F%2Fwww.w3.org%2F2000%2Fsvg%27%20width%3D%27800%27%20height%3D%27600%27%20viewBox%3D%270%200%20800%20600%27%3E%3Crect%20width%3D%27800%27%20height%3D%27600%27%20fill-opacity%3D%220%22%2F%3E%3C%2Fsvg%3E\" data-orig-src=\"https:\/\/ifvcns.rs\/climate-crops\/wp-content\/uploads\/2022\/09\/Slika-2-700x441.jpg\" data-srcset=\"https:\/\/ifvcns.rs\/climate-crops\/wp-content\/uploads\/2022\/09\/Slika-2-320x202.jpg 320w, https:\/\/ifvcns.rs\/climate-crops\/wp-content\/uploads\/2022\/09\/Slika-2-700x441.jpg 700w\" data-sizes=\"auto\" \/><\/a><\/li><\/ul><\/div><div class=\"recent-posts-content\"><h3 class=\"entry-title\"><a href=\"https:\/\/ifvcns.rs\/climate-crops\/en\/climatecrops-en-en\/climate-crops-at-the-63rd-conference-production-and-processing-of-oilseeds-at-herceg-novi-montenegro\/\">Climate Crops at the 63rd Conference Production and processing of oilseeds at Herceg Novi, Montenegro<\/a><\/h3><p> Climate Crops was present at the 63rd Conference Production and processing of oilseeds at Herceg Novi, Montenegro. This [...]<\/p><\/div><\/article><article class=\"post fusion-column column col col-lg-4 col-md-4 col-sm-4\"><div class=\"fusion-flexslider fusion-flexslider-loading flexslider flexslider-hover-type-none\"><ul class=\"slides\"><li><a href=\"https:\/\/ifvcns.rs\/climate-crops\/en\/climatecrops-en-en\/climate-crops-at-sunflower-conference-in-novi-sad\/\" aria-label=\"Climate Crops at Sunflower conference in Novi Sad\" class=\"hover-type-none\"><img decoding=\"async\" width=\"340\" height=\"260\" src=\"https:\/\/ifvcns.rs\/climate-crops\/wp-content\/uploads\/2022\/06\/011.jpg\" class=\"attachment-recent-posts size-recent-posts lazyload\" alt=\"\" srcset=\"data:image\/svg+xml,%3Csvg%20xmlns%3D%27http%3A%2F%2Fwww.w3.org%2F2000%2Fsvg%27%20width%3D%27340%27%20height%3D%27260%27%20viewBox%3D%270%200%20340%20260%27%3E%3Crect%20width%3D%27340%27%20height%3D%27260%27%20fill-opacity%3D%220%22%2F%3E%3C%2Fsvg%3E\" data-orig-src=\"https:\/\/ifvcns.rs\/climate-crops\/wp-content\/uploads\/2022\/06\/011.jpg\" data-srcset=\"https:\/\/ifvcns.rs\/climate-crops\/wp-content\/uploads\/2022\/06\/011-200x153.jpg 200w, https:\/\/ifvcns.rs\/climate-crops\/wp-content\/uploads\/2022\/06\/011-300x229.jpg 300w, https:\/\/ifvcns.rs\/climate-crops\/wp-content\/uploads\/2022\/06\/011.jpg 340w\" data-sizes=\"auto\" \/><\/a><\/li><\/ul><\/div><div class=\"recent-posts-content\"><h3 class=\"entry-title\"><a href=\"https:\/\/ifvcns.rs\/climate-crops\/en\/climatecrops-en-en\/climate-crops-at-sunflower-conference-in-novi-sad\/\">Climate Crops at Sunflower conference in Novi Sad<\/a><\/h3><p> In the period 20-23 June IFVCNS hosted The 20th International Sunflower Conference in collaboration with International\u00a0Sunflower\u00a0Association. In the [...]<\/p><\/div><\/article><article class=\"post fusion-column column col col-lg-4 col-md-4 col-sm-4\"><div class=\"fusion-flexslider fusion-flexslider-loading flexslider flexslider-hover-type-none\"><ul class=\"slides\"><li><a href=\"https:\/\/ifvcns.rs\/climate-crops\/en\/climatecrops-en-en\/crop-transformation-genome-editing-training-in-the-uk\/\" aria-label=\"Crop transformation \/ Genome editing training in the UK\" class=\"hover-type-none\"><img decoding=\"async\" width=\"340\" height=\"260\" src=\"https:\/\/ifvcns.rs\/climate-crops\/wp-content\/uploads\/2022\/07\/IMG-20220615-WA0017feat.jpg\" class=\"attachment-recent-posts size-recent-posts lazyload\" alt=\"\" srcset=\"data:image\/svg+xml,%3Csvg%20xmlns%3D%27http%3A%2F%2Fwww.w3.org%2F2000%2Fsvg%27%20width%3D%27340%27%20height%3D%27260%27%20viewBox%3D%270%200%20340%20260%27%3E%3Crect%20width%3D%27340%27%20height%3D%27260%27%20fill-opacity%3D%220%22%2F%3E%3C%2Fsvg%3E\" data-orig-src=\"https:\/\/ifvcns.rs\/climate-crops\/wp-content\/uploads\/2022\/07\/IMG-20220615-WA0017feat.jpg\" data-srcset=\"https:\/\/ifvcns.rs\/climate-crops\/wp-content\/uploads\/2022\/07\/IMG-20220615-WA0017feat-200x153.jpg 200w, https:\/\/ifvcns.rs\/climate-crops\/wp-content\/uploads\/2022\/07\/IMG-20220615-WA0017feat-300x229.jpg 300w, https:\/\/ifvcns.rs\/climate-crops\/wp-content\/uploads\/2022\/07\/IMG-20220615-WA0017feat.jpg 340w\" data-sizes=\"auto\" \/><\/a><\/li><\/ul><\/div><div class=\"recent-posts-content\"><h3 class=\"entry-title\"><a href=\"https:\/\/ifvcns.rs\/climate-crops\/en\/climatecrops-en-en\/crop-transformation-genome-editing-training-in-the-uk\/\">Crop transformation \/ Genome editing training in the UK<\/a><\/h3><p> Research associate at the sunflower department, Dr Dragana Rajkovi\u0107, visited John Innes Center, Norwich, UK in the period [...]<\/p><\/div><\/article><article class=\"post fusion-column column col col-lg-4 col-md-4 col-sm-4\"><div class=\"fusion-flexslider fusion-flexslider-loading flexslider flexslider-hover-type-none\"><ul class=\"slides\"><li><a href=\"https:\/\/ifvcns.rs\/climate-crops\/en\/climatecrops-en-en\/planted-wg2-training-school-genome-edited-plants-impact-and-beyond\/\" aria-label=\"PlantEd WG2 Training School &#8211; Genome-edited plants: Impact and beyond\" class=\"hover-type-none\"><img decoding=\"async\" width=\"340\" height=\"260\" src=\"https:\/\/ifvcns.rs\/climate-crops\/wp-content\/uploads\/2022\/06\/16548440688251.jpg\" class=\"attachment-recent-posts size-recent-posts lazyload\" alt=\"\" srcset=\"data:image\/svg+xml,%3Csvg%20xmlns%3D%27http%3A%2F%2Fwww.w3.org%2F2000%2Fsvg%27%20width%3D%27340%27%20height%3D%27260%27%20viewBox%3D%270%200%20340%20260%27%3E%3Crect%20width%3D%27340%27%20height%3D%27260%27%20fill-opacity%3D%220%22%2F%3E%3C%2Fsvg%3E\" data-orig-src=\"https:\/\/ifvcns.rs\/climate-crops\/wp-content\/uploads\/2022\/06\/16548440688251.jpg\" data-srcset=\"https:\/\/ifvcns.rs\/climate-crops\/wp-content\/uploads\/2022\/06\/16548440688251-200x153.jpg 200w, https:\/\/ifvcns.rs\/climate-crops\/wp-content\/uploads\/2022\/06\/16548440688251-300x229.jpg 300w, https:\/\/ifvcns.rs\/climate-crops\/wp-content\/uploads\/2022\/06\/16548440688251.jpg 340w\" data-sizes=\"auto\" \/><\/a><\/li><\/ul><\/div><div class=\"recent-posts-content\"><h3 class=\"entry-title\"><a href=\"https:\/\/ifvcns.rs\/climate-crops\/en\/climatecrops-en-en\/planted-wg2-training-school-genome-edited-plants-impact-and-beyond\/\">PlantEd WG2 Training School &#8211; Genome-edited plants: Impact and beyond<\/a><\/h3><p> Climate crops members\u00a0Ana Marjanovi\u0107 Jeromela,\u00a0Ankica Kondi\u0107-\u0160pika\u00a0and\u00a0Dragana Miladinovi\u0107 participated in PlantEd WG2 Training School - Genome-edited plants: Impact and [...]<\/p><\/div><\/article><article class=\"post fusion-column column col col-lg-4 col-md-4 col-sm-4\"><div class=\"fusion-flexslider fusion-flexslider-loading flexslider flexslider-hover-type-none\"><ul class=\"slides\"><li><a href=\"https:\/\/ifvcns.rs\/climate-crops\/en\/climatecrops-en-en\/institute-at-young-researchers-conference-yours-2022\/\" aria-label=\"Institute at YOUNG RESEARCHERS CONFERENCE &#8211; YOURS 2022\" class=\"hover-type-none\"><img decoding=\"async\" width=\"340\" height=\"260\" src=\"https:\/\/ifvcns.rs\/climate-crops\/wp-content\/uploads\/2022\/05\/Untitled-1.jpg\" class=\"attachment-recent-posts size-recent-posts lazyload\" alt=\"\" srcset=\"data:image\/svg+xml,%3Csvg%20xmlns%3D%27http%3A%2F%2Fwww.w3.org%2F2000%2Fsvg%27%20width%3D%27340%27%20height%3D%27260%27%20viewBox%3D%270%200%20340%20260%27%3E%3Crect%20width%3D%27340%27%20height%3D%27260%27%20fill-opacity%3D%220%22%2F%3E%3C%2Fsvg%3E\" data-orig-src=\"https:\/\/ifvcns.rs\/climate-crops\/wp-content\/uploads\/2022\/05\/Untitled-1.jpg\" data-srcset=\"https:\/\/ifvcns.rs\/climate-crops\/wp-content\/uploads\/2022\/05\/Untitled-1-200x153.jpg 200w, https:\/\/ifvcns.rs\/climate-crops\/wp-content\/uploads\/2022\/05\/Untitled-1-300x229.jpg 300w, https:\/\/ifvcns.rs\/climate-crops\/wp-content\/uploads\/2022\/05\/Untitled-1.jpg 340w\" data-sizes=\"auto\" \/><\/a><\/li><\/ul><\/div><div class=\"recent-posts-content\"><h3 class=\"entry-title\"><a href=\"https:\/\/ifvcns.rs\/climate-crops\/en\/climatecrops-en-en\/institute-at-young-researchers-conference-yours-2022\/\">Institute at YOUNG RESEARCHERS CONFERENCE &#8211; YOURS 2022<\/a><\/h3><p>Researchers from the National Institute of Field and Vegetable Crops presented their results at the fourth YOUNG RESEARCHERS CONFERENCE [...]<\/p><\/div><\/article><article class=\"post fusion-column column col col-lg-4 col-md-4 col-sm-4\"><div class=\"fusion-flexslider fusion-flexslider-loading flexslider flexslider-hover-type-none\"><ul class=\"slides\"><li><a href=\"https:\/\/ifvcns.rs\/climate-crops\/en\/climatecrops-en-en\/lecture-at-matica-srpska\/\" aria-label=\"Lecture at Matica srpska\" class=\"hover-type-none\"><img decoding=\"async\" width=\"700\" height=\"441\" src=\"https:\/\/ifvcns.rs\/climate-crops\/wp-content\/uploads\/2022\/10\/Ana-Matica-700x441.jpg\" class=\"attachment-recent-posts size-recent-posts lazyload\" alt=\"Kao institut koji se bavi oplemenjivanjem, koristimo svoje istra\u017eiva\u010dke kapacitete da podr\u017eimo aktivnosti oplemenjivanja i selekcije\" srcset=\"data:image\/svg+xml,%3Csvg%20xmlns%3D%27http%3A%2F%2Fwww.w3.org%2F2000%2Fsvg%27%20width%3D%27800%27%20height%3D%27800%27%20viewBox%3D%270%200%20800%20800%27%3E%3Crect%20width%3D%27800%27%20height%3D%27800%27%20fill-opacity%3D%220%22%2F%3E%3C%2Fsvg%3E\" data-orig-src=\"https:\/\/ifvcns.rs\/climate-crops\/wp-content\/uploads\/2022\/10\/Ana-Matica-700x441.jpg\" data-srcset=\"https:\/\/ifvcns.rs\/climate-crops\/wp-content\/uploads\/2022\/10\/Ana-Matica-320x202.jpg 320w, https:\/\/ifvcns.rs\/climate-crops\/wp-content\/uploads\/2022\/10\/Ana-Matica-700x441.jpg 700w\" data-sizes=\"auto\" \/><\/a><\/li><\/ul><\/div><div class=\"recent-posts-content\"><h3 class=\"entry-title\"><a href=\"https:\/\/ifvcns.rs\/climate-crops\/en\/climatecrops-en-en\/lecture-at-matica-srpska\/\">Lecture at Matica srpska<\/a><\/h3><p> dr Ana Marjanovi\u0107 Jeromela gave a lecture at Matica srpska, the oldest Serbian literary, cultural and scientific society. [...]<\/p><\/div><\/article><article class=\"post fusion-column column col col-lg-4 col-md-4 col-sm-4\"><div class=\"fusion-flexslider fusion-flexslider-loading flexslider flexslider-hover-type-none\"><ul class=\"slides\"><li><a href=\"https:\/\/ifvcns.rs\/climate-crops\/en\/climatecrops-en-en\/institute-at-the-student-career-development-fair\/\" aria-label=\"Institute at the Student career development fair\" class=\"hover-type-none\"><img decoding=\"async\" width=\"340\" height=\"260\" src=\"https:\/\/ifvcns.rs\/climate-crops\/wp-content\/uploads\/2022\/05\/feat_g.jpg\" class=\"attachment-recent-posts size-recent-posts lazyload\" alt=\"\" srcset=\"data:image\/svg+xml,%3Csvg%20xmlns%3D%27http%3A%2F%2Fwww.w3.org%2F2000%2Fsvg%27%20width%3D%27340%27%20height%3D%27260%27%20viewBox%3D%270%200%20340%20260%27%3E%3Crect%20width%3D%27340%27%20height%3D%27260%27%20fill-opacity%3D%220%22%2F%3E%3C%2Fsvg%3E\" data-orig-src=\"https:\/\/ifvcns.rs\/climate-crops\/wp-content\/uploads\/2022\/05\/feat_g.jpg\" data-srcset=\"https:\/\/ifvcns.rs\/climate-crops\/wp-content\/uploads\/2022\/05\/feat_g-200x153.jpg 200w, https:\/\/ifvcns.rs\/climate-crops\/wp-content\/uploads\/2022\/05\/feat_g-300x229.jpg 300w, https:\/\/ifvcns.rs\/climate-crops\/wp-content\/uploads\/2022\/05\/feat_g.jpg 340w\" data-sizes=\"auto\" \/><\/a><\/li><\/ul><\/div><div class=\"recent-posts-content\"><h3 class=\"entry-title\"><a href=\"https:\/\/ifvcns.rs\/climate-crops\/en\/climatecrops-en-en\/institute-at-the-student-career-development-fair\/\">Institute at the Student career development fair<\/a><\/h3><p> The 6th Student career development fair organized by the Student Parliament of the Faculty of Sciences in Novi [...]<\/p><\/div><\/article><\/section><\/div><\/div><\/div><\/div><\/div><div class=\"fusion-fullwidth fullwidth-box fusion-builder-row-5 fusion-flex-container nonhundred-percent-fullwidth non-hundred-percent-height-scrolling\" style=\"--awb-border-radius-top-left:0px;--awb-border-radius-top-right:0px;--awb-border-radius-bottom-right:0px;--awb-border-radius-bottom-left:0px;--awb-flex-wrap:wrap;\" ><div class=\"fusion-builder-row fusion-row fusion-flex-align-items-flex-start fusion-flex-content-wrap\" style=\"max-width:1352px;margin-left: calc(-4% \/ 2 );margin-right: calc(-4% \/ 2 );\"><div class=\"fusion-layout-column fusion_builder_column fusion-builder-column-4 fusion_builder_column_1_1 1_1 fusion-flex-column\" style=\"--awb-bg-size:cover;--awb-width-large:100%;--awb-margin-top-large:0px;--awb-spacing-right-large:1.92%;--awb-margin-bottom-large:20px;--awb-spacing-left-large:1.92%;--awb-width-medium:100%;--awb-order-medium:0;--awb-spacing-right-medium:1.92%;--awb-spacing-left-medium:1.92%;--awb-width-small:100%;--awb-order-small:0;--awb-spacing-right-small:1.92%;--awb-spacing-left-small:1.92%;\"><div class=\"fusion-column-wrapper fusion-column-has-shadow fusion-flex-justify-content-flex-start fusion-content-layout-column\"><div class=\"fusion-separator fusion-full-width-sep\" style=\"align-self: center;margin-left: auto;margin-right: auto;margin-top:50px;width:100%;\"><div class=\"fusion-separator-border sep-single sep-dotted\" style=\"--awb-height:20px;--awb-amount:20px;--awb-sep-color:var(--awb-custom13);border-color:var(--awb-custom13);border-top-width:1px;\"><\/div><\/div><\/div><\/div><\/div><\/div><div class=\"fusion-fullwidth fullwidth-box fusion-builder-row-6 fusion-flex-container nonhundred-percent-fullwidth non-hundred-percent-height-scrolling\" style=\"--awb-border-radius-top-left:0px;--awb-border-radius-top-right:0px;--awb-border-radius-bottom-right:0px;--awb-border-radius-bottom-left:0px;--awb-flex-wrap:wrap;\" ><div class=\"fusion-builder-row fusion-row fusion-flex-align-items-center fusion-flex-justify-content-space-evenly fusion-flex-content-wrap\" style=\"max-width:1352px;margin-left: calc(-4% \/ 2 );margin-right: calc(-4% \/ 2 );\"><div class=\"fusion-layout-column fusion_builder_column fusion-builder-column-5 fusion_builder_column_1_5 1_5 fusion-flex-column fusion-flex-align-self-stretch\" style=\"--awb-bg-size:cover;--awb-width-large:20%;--awb-margin-top-large:0px;--awb-spacing-right-large:9.6%;--awb-margin-bottom-large:20px;--awb-spacing-left-large:9.6%;--awb-width-medium:100%;--awb-order-medium:0;--awb-spacing-right-medium:1.92%;--awb-spacing-left-medium:1.92%;--awb-width-small:100%;--awb-order-small:0;--awb-spacing-right-small:1.92%;--awb-spacing-left-small:1.92%;\"><div class=\"fusion-column-wrapper fusion-column-has-shadow fusion-flex-justify-content-space-evenly fusion-content-layout-column\"><\/div><\/div><div class=\"fusion-layout-column fusion_builder_column fusion-builder-column-6 fusion_builder_column_1_5 1_5 fusion-flex-column fusion-flex-align-self-stretch\" style=\"--awb-bg-size:cover;--awb-width-large:20%;--awb-margin-top-large:0px;--awb-spacing-right-large:9.6%;--awb-margin-bottom-large:20px;--awb-spacing-left-large:9.6%;--awb-width-medium:100%;--awb-order-medium:0;--awb-spacing-right-medium:1.92%;--awb-spacing-left-medium:1.92%;--awb-width-small:100%;--awb-order-small:0;--awb-spacing-right-small:1.92%;--awb-spacing-left-small:1.92%;\"><div class=\"fusion-column-wrapper fusion-column-has-shadow fusion-flex-justify-content-space-evenly fusion-content-layout-column\"><a class=\"fb-icon-element-1 fb-icon-element fontawesome-icon fa-linkedin fab circle-no fusion-link\" style=\"--awb-iconcolor:#196cb5;--awb-iconcolor-hover:#5dbb49;--awb-font-size:32px;--awb-margin-top:0;--awb-margin-right:0;--awb-margin-bottom:0;--awb-margin-left:0;--awb-align-self:center;\" href=\"https:\/\/www.linkedin.com\/company\/climate-crops\/\" aria-label=\"Link to https:\/\/www.linkedin.com\/company\/climate-crops\/\" target=\"_self\"><\/a><\/div><\/div><div class=\"fusion-layout-column fusion_builder_column fusion-builder-column-7 fusion_builder_column_1_5 1_5 fusion-flex-column fusion-flex-align-self-stretch\" style=\"--awb-bg-size:cover;--awb-width-large:20%;--awb-margin-top-large:0px;--awb-spacing-right-large:9.6%;--awb-margin-bottom-large:20px;--awb-spacing-left-large:9.6%;--awb-width-medium:100%;--awb-order-medium:0;--awb-spacing-right-medium:1.92%;--awb-spacing-left-medium:1.92%;--awb-width-small:100%;--awb-order-small:0;--awb-spacing-right-small:1.92%;--awb-spacing-left-small:1.92%;\"><div class=\"fusion-column-wrapper fusion-column-has-shadow fusion-flex-justify-content-space-evenly fusion-content-layout-column\"><i class=\"fb-icon-element-2 fb-icon-element fontawesome-icon fa-researchgate fab circle-no\" style=\"--awb-iconcolor:#196cb5;--awb-iconcolor-hover:#5dbb49;--awb-font-size:32px;--awb-margin-top:0;--awb-margin-right:0;--awb-margin-bottom:0;--awb-margin-left:0;--awb-align-self:center;\"><\/i><\/div><\/div><div class=\"fusion-layout-column fusion_builder_column fusion-builder-column-8 fusion_builder_column_1_5 1_5 fusion-flex-column fusion-flex-align-self-stretch\" style=\"--awb-bg-size:cover;--awb-width-large:20%;--awb-margin-top-large:0px;--awb-spacing-right-large:9.6%;--awb-margin-bottom-large:20px;--awb-spacing-left-large:9.6%;--awb-width-medium:100%;--awb-order-medium:0;--awb-spacing-right-medium:1.92%;--awb-spacing-left-medium:1.92%;--awb-width-small:100%;--awb-order-small:0;--awb-spacing-right-small:1.92%;--awb-spacing-left-small:1.92%;\"><div class=\"fusion-column-wrapper fusion-column-has-shadow fusion-flex-justify-content-space-evenly fusion-content-layout-column\"><a class=\"fb-icon-element-3 fb-icon-element fontawesome-icon fa-envelope fas circle-no fusion-link\" style=\"--awb-iconcolor:#196cb5;--awb-iconcolor-hover:#5dbb49;--awb-font-size:32px;--awb-margin-top:0;--awb-margin-right:0;--awb-margin-bottom:0;--awb-margin-left:0;--awb-align-self:center;\" href=\"mailto:climatecrops@ifvcns.ns.ac.rs\" aria-label=\"Link to mailto:climatecrops@ifvcns.ns.ac.rs\" target=\"_self\"><\/a><\/div><\/div><div class=\"fusion-layout-column fusion_builder_column fusion-builder-column-9 fusion_builder_column_1_5 1_5 fusion-flex-column fusion-flex-align-self-stretch\" style=\"--awb-bg-size:cover;--awb-width-large:20%;--awb-margin-top-large:0px;--awb-spacing-right-large:9.6%;--awb-margin-bottom-large:20px;--awb-spacing-left-large:9.6%;--awb-width-medium:100%;--awb-order-medium:0;--awb-spacing-right-medium:1.92%;--awb-spacing-left-medium:1.92%;--awb-width-small:100%;--awb-order-small:0;--awb-spacing-right-small:1.92%;--awb-spacing-left-small:1.92%;\"><div class=\"fusion-column-wrapper fusion-column-has-shadow fusion-flex-justify-content-space-evenly fusion-content-layout-column\"><\/div><\/div><\/div><\/div><\/p>\n","protected":false},"excerpt":{"rendered":"","protected":false},"author":2,"featured_media":0,"parent":11833,"menu_order":0,"comment_status":"closed","ping_status":"closed","template":"100-width.php","meta":{"footnotes":""},"class_list":["post-12971","page","type-page","status-publish","hentry"],"_links":{"self":[{"href":"https:\/\/ifvcns.rs\/climate-crops\/wp-json\/wp\/v2\/pages\/12971","targetHints":{"allow":["GET"]}}],"collection":[{"href":"https:\/\/ifvcns.rs\/climate-crops\/wp-json\/wp\/v2\/pages"}],"about":[{"href":"https:\/\/ifvcns.rs\/climate-crops\/wp-json\/wp\/v2\/types\/page"}],"author":[{"embeddable":true,"href":"https:\/\/ifvcns.rs\/climate-crops\/wp-json\/wp\/v2\/users\/2"}],"replies":[{"embeddable":true,"href":"https:\/\/ifvcns.rs\/climate-crops\/wp-json\/wp\/v2\/comments?post=12971"}],"version-history":[{"count":6,"href":"https:\/\/ifvcns.rs\/climate-crops\/wp-json\/wp\/v2\/pages\/12971\/revisions"}],"predecessor-version":[{"id":14629,"href":"https:\/\/ifvcns.rs\/climate-crops\/wp-json\/wp\/v2\/pages\/12971\/revisions\/14629"}],"up":[{"embeddable":true,"href":"https:\/\/ifvcns.rs\/climate-crops\/wp-json\/wp\/v2\/pages\/11833"}],"wp:attachment":[{"href":"https:\/\/ifvcns.rs\/climate-crops\/wp-json\/wp\/v2\/media?parent=12971"}],"curies":[{"name":"wp","href":"https:\/\/api.w.org\/{rel}","templated":true}]}}